{"id":137,"date":"2019-06-12T08:22:33","date_gmt":"2019-06-12T08:22:33","guid":{"rendered":"https:\/\/fiber.pl\/olkusz\/?page_id=137"},"modified":"2020-02-27T12:55:53","modified_gmt":"2020-02-27T12:55:53","slug":"kim-jestesmy","status":"publish","type":"page","link":"https:\/\/fiber.pl\/olkusz\/kim-jestesmy\/","title":{"rendered":"Kim Jeste\u015bmy?"},"content":{"rendered":"<section id=\"\" class=\"fw-main-row   \"   >\n<div class=\"chose-overlay\"><\/div>\n\t<div class=\"fw-container\">\n\t\t\n<div class=\"row\">\n\t<div class=\"col-xs-12 col-sm-12\">\n\t<div class=\"fw-heading fw-heading-h2 \">\n\t\t<h2 class='fw-special-title'>FIBER powsta\u0142 z marze\u0144<\/h2>\t<\/div><p>Ch\u0119\u0107 \u0142\u0105czenia ludzi i pokonywanie ogranicze\u0144 towarzysz\u0105 historii naszej firmy od samych jej pocz\u0105tk\u00f3w. 15-letnie dzieje Interkonekt w Wolbromiu - operatora sieci \u015bwiat\u0142owodowej FIBER - pokazuj\u0105, \u017ce nie ma rzeczy niemo\u017cliwych, a uczciwe prowadzenie biznesu sprzyja nawet najbardziej odwa\u017cnym zamiarom. Nasi klienci m\u00f3wi\u0105, \u017ce jeste\u015bmy czym\u015b wi\u0119cej ni\u017c firm\u0105. Wok\u00f3\u0142 naszej dzia\u0142alno\u015bci jednocz\u0105 si\u0119 ludzie, kt\u00f3rzy chc\u0105 zmienia\u0107 \u015bwiat - ten bliski i ca\u0142kiem daleki. Przy\u0142\u0105cz si\u0119 do nas!<\/p><\/div>\n<\/div>\n\n\n<div class=\"row\">\n\t<div class=\"col-xs-12 col-sm-12\">\n\t<div class=\"fw-heading fw-heading-h2 \">\n\t\t<h2 class='fw-special-title'>Razem mo\u017cna wi\u0119cej <\/h2>\t<\/div><p><img loading=\"lazy\" decoding=\"async\" class=\"alignleft wp-image-245 size-medium\" src=\"https:\/\/fiber.pl\/olkusz\/wp-content\/uploads\/2019\/06\/istockphoto-931281360-612x612-300x200.jpg\" alt=\"\" width=\"300\" height=\"200\" srcset=\"https:\/\/fiber.pl\/olkusz\/wp-content\/uploads\/2019\/06\/istockphoto-931281360-612x612-300x200.jpg 300w, https:\/\/fiber.pl\/olkusz\/wp-content\/uploads\/2019\/06\/istockphoto-931281360-612x612.jpg 612w\" sizes=\"auto, (max-width: 300px) 100vw, 300px\" \/><\/p><p>Naszej marce FIBER pocz\u0105tek da\u0142y dwie ma\u0142e firmy, kt\u00f3rych w\u0142a\u015bcicielami byli szkolni koledzy, od m\u0142odych lat interesuj\u0105cy si\u0119 nowymi technologiami. W 2004 roku m\u0142ody student wroc\u0142awskiej Akademii Ekonomicznej w rodzinnym Wolbromiu zacz\u0105\u0142 stawia\u0107 pierwsze kroki na drodze do budowy lokalnej sieci internetowej. Rok p\u00f3\u017aniej powsta\u0142a firma drugiego ze wsp\u00f3lnik\u00f3w - studenta Politechniki Wroc\u0142awskiej, kt\u00f3ry wiedzia\u0142 potencja\u0142 w budowie bezprzewodowej sieci internetowej na terenie podwolbromskich so\u0142ectw. Firmy uzupe\u0142nia\u0142y si\u0119 w swoich dzia\u0142aniach i wspiera\u0142y. Niebawem bezprzewodowe nadajniki pojawi\u0142y si\u0119 w gminach Wolbrom, Pilica, Trzyci\u0105\u017c, Charsznica, \u017barnowiec, Klucze i Ska\u0142a. Dzi\u0119ki du\u017cej ambicji i wizji internetu przysz\u0142o\u015bci, w wielu domach na tym terenie po raz pierwszy komputery zosta\u0142y pod\u0142\u0105czone do globalnej sieci.<\/p><p>Wyznaj\u0105c zasad\u0119, \u017ce razem mo\u017cna lepiej i wi\u0119cej ni\u017c dzia\u0142aj\u0105c osobno, w 2007 roku firmy po\u0142\u0105czy\u0142y si\u0142y. I tak powsta\u0142 INTERKONEKT w Wolbromiu. \u017badnemu ze wsp\u00f3lnik\u00f3w nie przysz\u0142o wtedy do g\u0142owy, \u017ce daj\u0105 pocz\u0105tek wiod\u0105cemu lokalnemu operatorowi sieci \u015bwiat\u0142owodowej FIBER, a przesy\u0142ane ich \u0142\u0105czami dane ju\u017c niebawem b\u0119d\u0105 trafia\u0107 do odbiorc\u00f3w z pr\u0119dko\u015bci\u0105 \u015bwiat\u0142a.<\/p><p>Kolejnym wa\u017cnym krokiem w historii naszej firmy by\u0142o przej\u0119cie od dotychczasowego konkurenta - firmy TAXO - sieci przewodowej LAN na osiedlach mieszkaniowych w Wolbromiu. Pozwoli\u0142o nam to na rozszerzenie dzia\u0142alno\u015bci i dostarczanie internetu za po\u015brednictwem sieci Ethernet w zabudowie wielorodzinnej.<\/p><p>Decyzja o po\u0142\u0105czeniu trzech firm w jedn\u0105 szybko przynios\u0142a efekty. INTERKONEKT sta\u0142 si\u0119 firm\u0105 rozpoznawaln\u0105 w\u015br\u00f3d mieszka\u0144c\u00f3w, a co najwa\u017cniejsze - wysoka jako\u015b\u0107 us\u0142ug prze\u0142o\u017cy\u0142a si\u0119 na wci\u0105\u017c rosn\u0105ce zaufanie klient\u00f3w. Z kolei inwestycje w zaplecze techniczne i kadr\u0119 zacz\u0119\u0142y przynosi\u0107 realne zyski. Stabilno\u015b\u0107 finansowa doda\u0142a nam jeszcze wi\u0119cej odwagi i pojawi\u0142y si\u0119 bardziej ambitne plany.<\/p><p>Do sta\u0142ej oferty firmy wprowadzili\u015bmy kompleksow\u0105 obs\u0142ug\u0119 informatyczn\u0105 przedsi\u0119biorstw, co w po\u0142\u0105czeniu z ci\u0105gle rosn\u0105c\u0105 ilo\u015bci\u0105 odbiorc\u00f3w internetu od INTERKONEKTU, spowodowa\u0142o konieczno\u015b\u0107 stworzenia profesjonalnego Biura Obs\u0142ugi Klienta oraz serwisu dost\u0119pnego ca\u0142\u0105 dob\u0119.<\/p><\/div>\n<\/div>\n\n\n<div class=\"row\">\n\t<div class=\"col-xs-12 col-sm-12\">\n\t<div class=\"fw-heading fw-heading-h2 \">\n\t\t<h2 class='fw-special-title'>Jeszcze wi\u0119cej MOCY<\/h2>\t<\/div><p><img loading=\"lazy\" decoding=\"async\" class=\"size-medium wp-image-247 alignleft\" src=\"https:\/\/fiber.pl\/olkusz\/wp-content\/uploads\/2019\/06\/istockphoto-968113166-612x612-300x179.jpg\" alt=\"\" width=\"300\" height=\"179\" srcset=\"https:\/\/fiber.pl\/olkusz\/wp-content\/uploads\/2019\/06\/istockphoto-968113166-612x612-300x179.jpg 300w, https:\/\/fiber.pl\/olkusz\/wp-content\/uploads\/2019\/06\/istockphoto-968113166-612x612.jpg 612w\" sizes=\"auto, (max-width: 300px) 100vw, 300px\" \/>Prze\u0142omowy dla naszej firmy by\u0142 2010 rok, kt\u00f3ry przyni\u00f3s\u0142 zmian\u0119 operatora hurtowego dostawcy internetu. Przyspieszy\u0142y \u0142\u0105cza i przyspieszy\u0142y kolejne inwestycje. W Olkuszu zbudowali\u015bmy drug\u0105 profesjonaln\u0105 serwerowni\u0119 oraz kupili\u015bmy radiolini\u0119 na pasmo licencjonowane o przep\u0142ywno\u015bci 400 Mb\/s. Przypiecz\u0119towaniem tego dobrego dla naszej firmy roku by\u0142o przej\u0119cie sieci bezprzewodowego dost\u0119pu do Internetu ILKUS. Umo\u017cliwi\u0142o nam ono ekspansj\u0119 na nowy rynek, jakim by\u0142 wtedy Olkusz. Ilo\u015b\u0107 klient\u00f3w wzros\u0142a dwukrotnie, co stanowi najlepsze podsumowanie tego czasu.<\/p><p>Nie spocz\u0119li\u015bmy na laurach, a sukces z poprzedniego roku motywowa\u0142 nas do kolejnych wa\u017cnych decyzji. W 2011 nasz firma zainwestowa\u0142a w zakup licencji na pasmo 10GHz oraz 6GHz na terenie powiatu olkuskiego. Dzi\u0119ki nowym dw\u00f3m radioliniom o znacznie wi\u0119kszej przepustowo\u015bci mogli\u015bmy dostarcza\u0107 jeszcze wi\u0119cej internetu w jeszcze wi\u0119cej miejsc. Tego samego roku INTERKONEKT kupi\u0142 kolejn\u0105 sie\u0107 radiowego dost\u0119pu do internetu SKY-NET, co pozwoli\u0142o na dzia\u0142alno\u015b\u0107 na terenie nowych miejscowo\u015bci - Bukowna i Boles\u0142awia.<\/p><p>Miejsce w\u015br\u00f3d wiod\u0105cych operator\u00f3w sieci internetowych zapewni\u0142o INTERKONEKTOWI przyst\u0105pienie do Krajowej Izby Komunikacji Ethernetowej (KIKE) pod koniec 2011 roku. Aktywna dzia\u0142alno\u015b\u0107 w Izbie zaowocowa\u0142a nowymi kontaktami z najlepszymi operatorami w Polsce, a wsp\u00f3\u0142praca z nimi przynios\u0142a nowe pomys\u0142y i jeszcze \u015bmielsze zamiary.<\/p><\/div>\n<\/div>\n\n\n<div class=\"row\">\n\t<div class=\"col-xs-12 col-sm-12\">\n\t<div class=\"fw-heading fw-heading-h2 \">\n\t\t<h2 class='fw-special-title'>Rozw\u00f3j z pr\u0119dko\u015bci\u0105 \u015bwiat\u0142a<\/h2>\t<\/div><p><img loading=\"lazy\" decoding=\"async\" class=\"alignleft wp-image-248 size-medium\" src=\"https:\/\/fiber.pl\/olkusz\/wp-content\/uploads\/2019\/06\/istockphoto-950841682-612x612-300x199.jpg\" alt=\"\" width=\"300\" height=\"199\" srcset=\"https:\/\/fiber.pl\/olkusz\/wp-content\/uploads\/2019\/06\/istockphoto-950841682-612x612-300x199.jpg 300w, https:\/\/fiber.pl\/olkusz\/wp-content\/uploads\/2019\/06\/istockphoto-950841682-612x612.jpg 612w\" sizes=\"auto, (max-width: 300px) 100vw, 300px\" \/><\/p><p>Bezsprzecznie prze\u0142omowym momentem w historii firmy INTERKONEKT by\u0142o uruchomienie pierwszego pasma \u015bwiat\u0142owodowego, kt\u00f3re zapocz\u0105tkowa\u0142o doskonale rozpoznawaln\u0105 dzisiaj na lokalnym rynku mark\u0119 FIBER. Aby marzenie o budowie sieci \u015bwiat\u0142owodowej mog\u0142o sta\u0107 si\u0119 realne, firma z sukcesem aplikowa\u0142a o \u015brodki zewn\u0119trzne. Wsparcie unijne prze\u0142o\u017cy\u0142o si\u0119 na setki kilometr\u00f3w \u015bwiat\u0142owodu, kt\u00f3ry umo\u017cliwi\u0142 dost\u0119p do szerokiego pasma tysi\u0105com odbiorc\u00f3w, w tym r\u00f3wnie\u017c z teren\u00f3w wiejskich i mniejszych miejscowo\u015bci, wcze\u015bniej pomijanych przez innych operator\u00f3w.<\/p><p>Od 2012 roku \u015bwiat\u0142owody sukcesywnie zacz\u0119\u0142y zast\u0119powa\u0107 dotychczasowe kable w technologii Ethernet, a osoby korzystaj\u0105ce z sieci radiowej ch\u0119tnie zacz\u0119\u0142y przy\u0142\u0105cza\u0107 si\u0119 do sieci FTTH, daj\u0105cej niepor\u00f3wnywalnie wi\u0119ksze mo\u017cliwo\u015bci przy transmisji danych. Pod nazw\u0105 FiberPower, a p\u00f3\u017aniej FIBER, INTERKONEKT umo\u017cliwi\u0142 tysi\u0105com mieszka\u0144c\u00f3w korzystanie z us\u0142ug triple-play, czyli internetu, telewizji i telefonii. O terytorialnym rozwoju firmy \u015bwiadczy r\u00f3wnie\u017c kolejne przej\u0119cie infrastruktury, tym razem poprzez zakup Eurocomu.<\/p><p>Dynamiczny rozw\u00f3j zach\u0119ci\u0142 nas do rebrandingu firmy i wprowadzenia nowej identyfikacji wizualnej. Logo, materia\u0142y informacyjne i reklamowe w jednolitej szacie graficznej poprawi\u0142y rozpoznawalno\u015b\u0107 FIBER na lokalnym rynku.<\/p><\/div>\n<\/div>\n\n\n<div class=\"row\">\n\t<div class=\"col-xs-12 col-sm-12\">\n\t<div class=\"fw-heading fw-heading-h2 \">\n\t\t<h2 class='fw-special-title'>Pracujemy dla lokalnej spo\u0142eczno\u015bci<\/h2>\t<\/div><p><img loading=\"lazy\" decoding=\"async\" class=\"size-medium wp-image-364 alignleft\" src=\"https:\/\/fiber.pl\/olkusz\/wp-content\/uploads\/2019\/08\/kino-e1566416480617-300x200.jpg\" alt=\"\" width=\"300\" height=\"200\" srcset=\"https:\/\/fiber.pl\/olkusz\/wp-content\/uploads\/2019\/08\/kino-e1566416480617-300x200.jpg 300w, https:\/\/fiber.pl\/olkusz\/wp-content\/uploads\/2019\/08\/kino-e1566416480617-768x511.jpg 768w, https:\/\/fiber.pl\/olkusz\/wp-content\/uploads\/2019\/08\/kino-e1566416480617.jpg 811w\" sizes=\"auto, (max-width: 300px) 100vw, 300px\" \/>Marka FIBER \u0142\u0105czy ludzi na wielu poziomach - nie tylko w sensie komunikacji sieciowej. Od wielu lat zarz\u0105d i pracownicy firmy anga\u017cuj\u0105 si\u0119 w inicjatywy wa\u017cne dla lokalnej spo\u0142eczno\u015bci. Ka\u017cdej jesieni tysi\u0105ce odblask\u00f3w trafiaj\u0105 do dzieci i doros\u0142ych z terenu, na kt\u00f3rym obecny jest FIBER w ramach autorskiej akcji \u201cB\u0105d\u017a widoczny, b\u0105d\u017a bezpieczny\u201d. Pe\u0142en atrakcji namiot z napisem FIBER jest wsz\u0119dzie tam, gdzie dzieje si\u0119 co\u015b ciekawego dla mieszka\u0144c\u00f3w - na festynach, piknikach, \u015bwi\u0119tach miast czy na lodowisku. Firma ch\u0119tnie wspiera instytucje spo\u0142eczne, w tym przede wszystkim lokalne stowarzyszenia, kluby osiedlowe i szko\u0142y. Wa\u017cn\u0105 cz\u0119\u015bci\u0105 dzia\u0142alno\u015bci prospo\u0142ecznej jest profilaktyka, w tym profilaktyka zwi\u0105zana z bezpiecze\u0144stwem w sieci. FIBER dostarcza bezp\u0142atnie internet do szk\u00f3\u0142 w powiatach olkuskim i zawiercia\u0144skim. Mieszka\u0144cy mog\u0105 korzysta\u0107 z darmowych hot-spot\u00f3w w wa\u017cnych miejscach spotka\u0144, jak rynki czy Domy Kultury.<\/p><\/div>\n<\/div>\n\n\n<div class=\"row\">\n\t<div class=\"col-xs-12 col-sm-12\">\n\t<div class=\"fw-heading fw-heading-h2 \">\n\t\t<h2 class='fw-special-title'>INTERKONEKT dzisiaj<\/h2>\t<\/div><p><img loading=\"lazy\" decoding=\"async\" class=\"alignleft wp-image-356 size-medium\" src=\"https:\/\/fiber.pl\/olkusz\/wp-content\/uploads\/2019\/08\/bok-2-300x208.jpg\" alt=\"\" width=\"300\" height=\"208\" \/>Kilka ostatnich lat zmieni\u0142o oblicze naszej firmy. Nasz zesp\u00f3\u0142 w\u0142o\u017cy\u0142 du\u017co wysi\u0142ku w to, aby sta\u0107 si\u0119 godnym zaufania i solidnym partnerem dla mieszka\u0144c\u00f3w oraz firm z terenu, na kt\u00f3rym pracujemy. Cieszymy si\u0119, kiedy do wielotysi\u0119cznej spo\u0142eczno\u015bci FIBER do\u0142\u0105czaj\u0105 nowi odbiorcy naszych us\u0142ug - internetu, telewizji i telefonu. Nasz\u0105 najwi\u0119ksz\u0105 motywacj\u0105 s\u0105 zadowoleni Klienci, kt\u00f3rzy widz\u0105 nasze zaanga\u017cowanie i wspieraj\u0105 nasze dzia\u0142ania. To dzi\u0119ki mo\u017cemy robi\u0107 to, co najbardziej lubimy - <strong>\u0142\u0105czy\u0107 ludzi z pr\u0119dko\u015bci\u0105 \u015bwiat\u0142a!<\/strong><\/p><\/div>\n<\/div>\n\n\t<\/div>\n<\/section>\n\n","protected":false},"excerpt":{"rendered":"<p>FIBER powsta\u0142 z marze\u0144 Ch\u0119\u0107 \u0142\u0105czenia ludzi i pokonywanie ogranicze\u0144 towarzysz\u0105 historii naszej firmy od samych [&#8230;] <\/p>\n<div class=\"read-mode-box\"><a class=\"btn btn-default read-more\" href=\"https:\/\/fiber.pl\/olkusz\/kim-jestesmy\/\">Czytaj wi\u0119cej<\/a><\/div>\n","protected":false},"author":1,"featured_media":0,"parent":0,"menu_order":0,"comment_status":"closed","ping_status":"closed","template":"","meta":{"om_disable_all_campaigns":false,"_monsterinsights_skip_tracking":false,"_monsterinsights_sitenote_active":false,"_monsterinsights_sitenote_note":"","_monsterinsights_sitenote_category":0,"footnotes":""},"class_list":["post-137","page","type-page","status-publish","hentry"],"_links":{"self":[{"href":"https:\/\/fiber.pl\/olkusz\/wp-json\/wp\/v2\/pages\/137","targetHints":{"allow":["GET"]}}],"collection":[{"href":"https:\/\/fiber.pl\/olkusz\/wp-json\/wp\/v2\/pages"}],"about":[{"href":"https:\/\/fiber.pl\/olkusz\/wp-json\/wp\/v2\/types\/page"}],"author":[{"embeddable":true,"href":"https:\/\/fiber.pl\/olkusz\/wp-json\/wp\/v2\/users\/1"}],"replies":[{"embeddable":true,"href":"https:\/\/fiber.pl\/olkusz\/wp-json\/wp\/v2\/comments?post=137"}],"version-history":[{"count":10,"href":"https:\/\/fiber.pl\/olkusz\/wp-json\/wp\/v2\/pages\/137\/revisions"}],"predecessor-version":[{"id":523,"href":"https:\/\/fiber.pl\/olkusz\/wp-json\/wp\/v2\/pages\/137\/revisions\/523"}],"wp:attachment":[{"href":"https:\/\/fiber.pl\/olkusz\/wp-json\/wp\/v2\/media?parent=137"}],"curies":[{"name":"wp","href":"https:\/\/api.w.org\/{rel}","templated":true}]}}