{"id":1748,"date":"2023-02-22T14:25:37","date_gmt":"2023-02-22T14:25:37","guid":{"rendered":"https:\/\/fiber.pl\/olkusz\/?page_id=1748"},"modified":"2023-09-04T12:39:18","modified_gmt":"2023-09-04T12:39:18","slug":"o-nas","status":"publish","type":"page","link":"https:\/\/fiber.pl\/olkusz\/o-nas\/","title":{"rendered":"O Nas"},"content":{"rendered":"<p><section id=\"\" class=\"fw-main-row   half-background\"   >\n<div class=\"chose-overlay\"><\/div>\n\t<div class=\"fw-container-fluid\">\n\t\t\n<div class=\"row\">\n\t<div class=\"col-xs-12 col-sm-12\">\n\t\n<div class=\"half-bg-container\">\n      <div style=\"background-image: url(\/\/fiber.pl\/olkusz\/wp-content\/uploads\/2023\/08\/future-1.jpg)\" class=\"col-xs-12 col-sm-6 half-bg-img\"><\/div>\n      <div class=\"col-xs-12 col-sm-6 half-bg-txt\">\n        <h2>FIBER <span>powsta\u0142<\/span> z marze\u0144<\/h2><p>Ch\u0119\u0107 \u0142\u0105czenia ludzi i pokonywanie ogranicze\u0144 towarzysz\u0105 historii naszej firmy od samych jej pocz\u0105tk\u00f3w. 20-letnie dzieje Interkonekt w Wolbromiu - operatora sieci \u015bwiat\u0142owodowej FIBER - pokazuj\u0105, \u017ce nie ma rzeczy niemo\u017cliwych, a uczciwe prowadzenie biznesu sprzyja nawet najbardziej odwa\u017cnym zamiarom. Nasi klienci m\u00f3wi\u0105, \u017ce jeste\u015bmy czym\u015b wi\u0119cej ni\u017c firm\u0105. Wok\u00f3\u0142 naszej dzia\u0142alno\u015bci jednocz\u0105 si\u0119 ludzie, kt\u00f3rzy chc\u0105 zmienia\u0107 \u015bwiat - ten bliski i ca\u0142kiem daleki. Przy\u0142\u0105cz si\u0119 do nas!<\/p>                <a href=\"#\" class=\"btn btn-primary\">Wi\u0119cej<\/a>\n              <\/div>\n<\/div><\/div>\n<\/div>\n\n\t<\/div>\n<\/section>\n<section id=\"\" class=\"fw-main-row   \"   >\n<div class=\"chose-overlay\"><\/div>\n\t<div class=\"fw-container\">\n\t\t\n<div class=\"row\">\n\t<div class=\"col-xs-12 col-sm-12\">\n\t<div class=\"fw-heading fw-heading-h2 fw-heading-center\">\n\t\t<h2 class='fw-special-title'>\u0141\u0105czymy <span>ludzi<\/span> z pr\u0119dko\u015bci\u0105 \u015bwiat\u0142a<\/h2>\t\t\t<div class=\"fw-special-subtitle\">W naszym motto zawarta jest misja naszej firmy. Dzi\u0119ki technologii \u015bwiat\u0142owodowej najnowszej generacji umo\u017cliwiamy ludziom.<\/div>\n\t<\/div><div class=\"jumbotron text-left\" style=\"background-image: url(\/\/fiber.pl\/olkusz\/wp-content\/uploads\/2023\/09\/laczymy-1.jpg)\">     \n<\/div>\n<\/div>\n<\/div>\n\n\t<\/div>\n<\/section>\n<section id=\"section-biznes-footer\" class=\"fw-main-row   normal-bg\" style=\"background-color:#874492;\"  >\n<div class=\"chose-overlay\"><\/div>\n\t<div class=\"fw-container\">\n\t\t\n<div class=\"row\">\n\t<div class=\"col-xs-12 col-sm-3 col-md-3\">\n\t<a href=\"\">\n<div class=\"flat-thumbnail\">\n      <div class=\"flat-icon-box\">\n          <div class=\"glyph-icon flaticon-optical-fiber\"><\/div>\n      <\/div>\n      <div class=\"caption\">\n        <h3>Internet \u015bwiat\u0142owodowy<\/h3>\n        <p><\/p>\n              <\/div>\n<\/div><\/a><\/div>\n<div class=\"col-xs-12 col-sm-3 col-md-3\">\n\t<a href=\"\">\n<div class=\"flat-thumbnail\">\n      <div class=\"flat-icon-box\">\n          <div class=\"glyph-icon flaticon-smart-tv-1\"><\/div>\n      <\/div>\n      <div class=\"caption\">\n        <h3>Telewizja \u015bwiat\u0142owodowa<\/h3>\n        <p><\/p>\n              <\/div>\n<\/div><\/a><\/div>\n<div class=\"col-xs-12 col-sm-3 col-md-3\">\n\t<a href=\"\">\n<div class=\"flat-thumbnail\">\n      <div class=\"flat-icon-box\">\n          <div class=\"glyph-icon flaticon-ip\"><\/div>\n      <\/div>\n      <div class=\"caption\">\n        <h3>Telefonia VOIP<\/h3>\n        <p><\/p>\n              <\/div>\n<\/div><\/a><\/div>\n<div class=\"col-xs-12 col-sm-3 col-md-3\">\n\t<a href=\"\">\n<div class=\"flat-thumbnail\">\n      <div class=\"flat-icon-box\">\n          <div class=\"glyph-icon flaticon-technology\"><\/div>\n      <\/div>\n      <div class=\"caption\">\n        <h3>Sieci teletechniczne<\/h3>\n        <p><\/p>\n              <\/div>\n<\/div><\/a><\/div>\n<\/div>\n\n\t<\/div>\n<\/section>\n<section id=\"\" class=\"fw-main-row   normal-bg\"   >\n<div class=\"chose-overlay\"><\/div>\n\t<div class=\"fw-container-fluid\">\n\t\t\n<div class=\"row\">\n\t<div class=\"col-xs-12 col-sm-12\">\n\t<div class=\"fw-heading fw-heading-h2 fw-heading-center\">\n\t\t<h2 class='fw-special-title'>Sie\u0107 super szybkiego <span>Internetu \u015bwiat\u0142owodowego FIBER<\/span> obejmuje:<\/h2>\t<\/div>\n\t<div class=\"fw-divider-space\" style=\"padding-top: 30px;\"><\/div>\n<\/div>\n<\/div>\n\n\n<div class=\"row\">\n\t<div class=\"col-xs-12 col-sm-2\">\n\t<div class=\"thumbnail\">\n      <div class=\"img-box\">\n          <img decoding=\"async\" src=\"\/\/fiber.pl\/olkusz\/wp-content\/uploads\/2023\/09\/olkusz.svg\" alt=\"Powiat Olkuski\"\/>\n      <\/div>\n      <div class=\"caption\">\n        <h3>Powiat Olkuski<\/h3>\n        <p><\/p>\n      <\/div>\n<\/div><\/div>\n<div class=\"col-xs-12 col-sm-2\">\n\t<div class=\"thumbnail\">\n      <div class=\"img-box\">\n          <img decoding=\"async\" src=\"\/\/fiber.pl\/olkusz\/wp-content\/uploads\/2023\/09\/pilica.svg\" alt=\"Gmina Pilica\"\/>\n      <\/div>\n      <div class=\"caption\">\n        <h3>Gmina Pilica<\/h3>\n        <p><\/p>\n      <\/div>\n<\/div><\/div>\n<div class=\"col-xs-12 col-sm-2\">\n\t<div class=\"thumbnail\">\n      <div class=\"img-box\">\n          <img decoding=\"async\" src=\"\/\/fiber.pl\/olkusz\/wp-content\/uploads\/2023\/09\/zarnowiec.svg\" alt=\"Gmina \u017barnowiec\"\/>\n      <\/div>\n      <div class=\"caption\">\n        <h3>Gmina \u017barnowiec<\/h3>\n        <p><\/p>\n      <\/div>\n<\/div><\/div>\n<div class=\"col-xs-12 col-sm-2\">\n\t<div class=\"thumbnail\">\n      <div class=\"img-box\">\n          <img decoding=\"async\" src=\"\/\/fiber.pl\/olkusz\/wp-content\/uploads\/2023\/09\/trzebinia.svg\" alt=\"Gmina Trzebinia\"\/>\n      <\/div>\n      <div class=\"caption\">\n        <h3>Gmina Trzebinia<\/h3>\n        <p><\/p>\n      <\/div>\n<\/div><\/div>\n<div class=\"col-xs-12 col-sm-2\">\n\t<div class=\"thumbnail\">\n      <div class=\"img-box\">\n          <img decoding=\"async\" src=\"\/\/fiber.pl\/olkusz\/wp-content\/uploads\/2023\/09\/golcza.svg\" alt=\"Gmina Go\u0142cza\"\/>\n      <\/div>\n      <div class=\"caption\">\n        <h3>Gmina Go\u0142cza<\/h3>\n        <p><\/p>\n      <\/div>\n<\/div><\/div>\n<div class=\"col-xs-12 col-sm-2\">\n\t<div class=\"thumbnail\">\n      <div class=\"img-box\">\n          <img decoding=\"async\" src=\"\/\/fiber.pl\/olkusz\/wp-content\/uploads\/2023\/09\/charsznica.svg\" alt=\"Gmina Charsznica\"\/>\n      <\/div>\n      <div class=\"caption\">\n        <h3>Gmina Charsznica<\/h3>\n        <p><\/p>\n      <\/div>\n<\/div><\/div>\n<\/div>\n\n\t<\/div>\n<\/section>\n<section id=\"\" class=\"fw-main-row   half-background\" style=\"background-color:#efefef;\"  >\n<div class=\"chose-overlay\"><\/div>\n\t<div class=\"fw-container-fluid\">\n\t\t\n<div class=\"row\">\n\t<div class=\"col-xs-12 col-sm-12\">\n\t\n<div class=\"half-bg-container\">\n      <div style=\"background-image: url(\/\/fiber.pl\/olkusz\/wp-content\/uploads\/2023\/08\/predkosc.jpg)\" class=\"col-xs-12 col-sm-6 half-bg-img\"><\/div>\n      <div class=\"col-xs-12 col-sm-6 half-bg-txt\">\n        <h2>Rozw\u00f3j z <span>pr\u0119dko\u015bci\u0105<\/span> \u015bwiat\u0142a<\/h2><p>Bezsprzecznie prze\u0142omowym momentem w historii firmy INTERKONEKT by\u0142o uruchomienie pierwszego pasma \u015bwiat\u0142owodowego, kt\u00f3re zapocz\u0105tkowa\u0142o doskonale rozpoznawaln\u0105 dzisiaj na lokalnym rynku mark\u0119 FIBER. Setki kilometr\u00f3w \u015bwiat\u0142owodu, umo\u017cliwiaj\u0105 dost\u0119p do szerokiego pasma internetu tysi\u0105com odbiorc\u00f3w, w tym r\u00f3wnie\u017c z teren\u00f3w wiejskich i mniejszych miejscowo\u015bci. W\u0142asna sie\u0107 daje nam niezale\u017cno\u015b\u0107 i gwarancj\u0119 stabilno\u015bci naszym klientom.<\/p><p>Miejsce w\u015br\u00f3d wiod\u0105cych operator\u00f3w sieci internetowych w Polsce zapewnia INTERKONEKTOWI cz\u0142onkostwo w Krajowej Izbie Komunikacji Ethernetowej (KIKE) oraz Fundacji NASZA WIZJA.<\/p>              <\/div>\n<\/div><\/div>\n<\/div>\n\n\t<\/div>\n<\/section>\n<section id=\"\" class=\"fw-main-row   \"   >\n<div class=\"chose-overlay\"><\/div>\n\t<div class=\"fw-container\">\n\t\t\n<div class=\"row\">\n\t<div class=\"col-xs-12 col-sm-12\">\n\t<div class=\"fw-heading fw-heading-h2 \">\n\t\t<h2 class='fw-special-title'>Pracujemy dla <span>lokalnej<\/span> spo\u0142eczno\u015bci<\/h2>\t<\/div><p>Marka FIBER \u0142\u0105czy ludzi na wielu poziomach - nie tylko w sensie komunikacji sieciowej. Od wielu lat zarz\u0105d i pracownicy firmy anga\u017cuj\u0105 si\u0119 w inicjatywy wa\u017cne dla lokalnej spo\u0142eczno\u015bci. Ka\u017cdej jesieni tysi\u0105ce odblask\u00f3w trafiaj\u0105 do dzieci i doros\u0142ych z terenu, na kt\u00f3rym obecny jest FIBER w ramach autorskiej akcji \u201cB\u0105d\u017a widoczny, b\u0105d\u017a bezpieczny\u201d. Pe\u0142en atrakcji namiot z napisem FIBER jest wsz\u0119dzie tam, gdzie dzieje si\u0119 co\u015b ciekawego dla mieszka\u0144c\u00f3w - na festynach, piknikach, \u015bwi\u0119tach miast czy na lodowisku. Firma ch\u0119tnie wspiera instytucje spo\u0142eczne, w tym przede wszystkim lokalne stowarzyszenia, kluby osiedlowe i szko\u0142y. Wa\u017cn\u0105 cz\u0119\u015bci\u0105 dzia\u0142alno\u015bci prospo\u0142ecznej jest profilaktyka, w tym profilaktyka zwi\u0105zana z bezpiecze\u0144stwem w sieci. FIBER dostarcza bezp\u0142atnie internet do szk\u00f3\u0142 w powiatach olkuskim i zawiercia\u0144skim. Mieszka\u0144cy mog\u0105 korzysta\u0107 z darmowych hot-spot\u00f3w w wa\u017cnych miejscach spotka\u0144, jak rynki czy Domy Kultury.<\/p><div class=\"jumbotron text-left\" style=\"background-image: url(\/\/fiber.pl\/olkusz\/wp-content\/uploads\/2023\/09\/csr-na-strone.jpg)\">     \n<\/div>\n\n\t<div class=\"fw-divider-space\" style=\"padding-top: 30px;\"><\/div>\n<p>Zaufa\u0142y nam tysi\u0105ce klient\u00f3w indywidualnych i biznesowych oraz instytucji publicznych, dla kt\u00f3rych stabilny i pewny internet \u015bwiat\u0142owodowy to podstawa w pracy, nauce i rozrywce. Jako firma odpowiedzialna spo\u0142ecznie anga\u017cujemy si\u0119 w inicjatywy wa\u017cne dla lokalnej spo\u0142eczno\u015bci, za co trzykrotnie otrzymali\u015bmy presti\u017cow\u0105 nagrod\u0119 <strong>Tele.Odpowiedzialni.<\/strong><\/p><h2>INTERKONEKT dzisiaj<\/h2><p>Kilka ostatnich lat zmieni\u0142o oblicze naszej firmy. Nasz zesp\u00f3\u0142 w\u0142o\u017cy\u0142 du\u017co wysi\u0142ku w to, aby sta\u0107 si\u0119 godnym zaufania i solidnym partnerem dla mieszka\u0144c\u00f3w oraz firm z terenu, na kt\u00f3rym pracujemy. Cieszymy si\u0119, kiedy do wielotysi\u0119cznej spo\u0142eczno\u015bci FIBER do\u0142\u0105czaj\u0105 nowi odbiorcy naszych us\u0142ug - internetu, telewizji i telefonu. Nasz\u0105 najwi\u0119ksz\u0105 motywacj\u0105 s\u0105 zadowoleni Klienci, kt\u00f3rzy widz\u0105 nasze zaanga\u017cowanie i wspieraj\u0105 nasze dzia\u0142ania. To dzi\u0119ki mo\u017cemy robi\u0107 to, co najbardziej lubimy - <strong>\u0142\u0105czy\u0107 ludzi z pr\u0119dko\u015bci\u0105 \u015bwiat\u0142a!<\/strong><\/p><p><strong>Na rynku wyr\u00f3\u017cniaj\u0105 nas:<\/strong><\/p><ul><li>Stabilne \u0142\u0105cza \u015bwiat\u0142owodowe<\/li><li>Najlepsza jako\u015b\u0107 bez wzgl\u0119du na warunki atmosferyczne<\/li><li>Brak limitu pobierania i wysy\u0142ania danych<\/li><li>Elastyczna oferta, dopasowana do potrzeb klient\u00f3w indywidualnych i instytucji<\/li><li>Wsparcie techniczne na miejscu<\/li><li>Stacjonarne Biuro Obs\u0142ugi Klienta w Olkuszu i Wolbromiu<\/li><li>Mo\u017cliwo\u015b\u0107 bezp\u0142atnych test\u00f3w przez 1 miesi\u0105c<\/li><li>Szybka instalacja<\/li><li>Aktywacja natychmiast po instalacji<\/li><li>Ponad 20-letnie do\u015bwiadczenie<\/li><li>Ca\u0142odobowy monitoring sieci<\/li><li>Pomoc w doborze sprz\u0119tu<\/li><\/ul><\/div>\n<\/div>\n\n\t<\/div>\n<\/section>\n<\/p>\n","protected":false},"excerpt":{"rendered":"<p>FIBER powsta\u0142 z marze\u0144Ch\u0119\u0107 \u0142\u0105czenia ludzi i pokonywanie ogranicze\u0144 towarzysz\u0105 historii naszej firmy od samych jej [&#8230;] <\/p>\n<div class=\"read-mode-box\"><a class=\"btn btn-default read-more\" href=\"https:\/\/fiber.pl\/olkusz\/o-nas\/\">Czytaj wi\u0119cej<\/a><\/div>\n","protected":false},"author":4,"featured_media":0,"parent":0,"menu_order":0,"comment_status":"closed","ping_status":"closed","template":"","meta":{"om_disable_all_campaigns":false,"_monsterinsights_skip_tracking":false,"_monsterinsights_sitenote_active":false,"_monsterinsights_sitenote_note":"","_monsterinsights_sitenote_category":0,"footnotes":""},"class_list":["post-1748","page","type-page","status-publish","hentry"],"_links":{"self":[{"href":"https:\/\/fiber.pl\/olkusz\/wp-json\/wp\/v2\/pages\/1748","targetHints":{"allow":["GET"]}}],"collection":[{"href":"https:\/\/fiber.pl\/olkusz\/wp-json\/wp\/v2\/pages"}],"about":[{"href":"https:\/\/fiber.pl\/olkusz\/wp-json\/wp\/v2\/types\/page"}],"author":[{"embeddable":true,"href":"https:\/\/fiber.pl\/olkusz\/wp-json\/wp\/v2\/users\/4"}],"replies":[{"embeddable":true,"href":"https:\/\/fiber.pl\/olkusz\/wp-json\/wp\/v2\/comments?post=1748"}],"version-history":[{"count":46,"href":"https:\/\/fiber.pl\/olkusz\/wp-json\/wp\/v2\/pages\/1748\/revisions"}],"predecessor-version":[{"id":2230,"href":"https:\/\/fiber.pl\/olkusz\/wp-json\/wp\/v2\/pages\/1748\/revisions\/2230"}],"wp:attachment":[{"href":"https:\/\/fiber.pl\/olkusz\/wp-json\/wp\/v2\/media?parent=1748"}],"curies":[{"name":"wp","href":"https:\/\/api.w.org\/{rel}","templated":true}]}}